{"id":310,"date":"2025-02-04T15:17:46","date_gmt":"2025-02-04T15:17:46","guid":{"rendered":"https:\/\/dovida.ch\/da\/?post_type=pro&#038;p=310"},"modified":"2025-10-27T16:05:55","modified_gmt":"2025-10-27T16:05:55","slug":"dovida-pro","status":"publish","type":"pro","link":"https:\/\/dovida.ch\/fr\/pro\/","title":{"rendered":"Dovida PRO"},"content":{"rendered":"\n<section class=\"wp-block-dovida-cover mt-cover\"><div class=\"mt-cover__inner page-container\"><div class=\"mt-cover__text-container\"><h1 class=\"mt-title mt-cover__title mt-title\">\u00c0 propos de Dovida<\/h1>\n<p>Notre accompagnement centr\u00e9 sur la personne est un soutien optimal dans vos activit\u00e9s quotidiennes.&nbsp; Nous sommes \u00e9galement \u00e0 votre disposition ainsi qu&rsquo;\u00e0 celle de vos patients ou clients.<\/p>\n\n\n\n<div class=\"wp-block-buttons is-layout-flex wp-block-buttons-is-layout-flex\">\n<div class=\"wp-block-button\"><a class=\"wp-block-button__link wp-element-button\" href=\"https:\/\/opancare.ch\/fr\/organisation\/spitex\/asps?criteria%5Bfulltext%5D=dovida&amp;autocomplete_search=&amp;criteria%5Blocality%5D=&amp;search_terms=&amp;criteria%5Bcapacity%5D=\" target=\"_blank\" rel=\"noreferrer noopener\">Faire une recommandation<\/a><\/div>\n\n\n\n<div class=\"wp-block-button is-style-secondary\"><a class=\"wp-block-button__link wp-element-button\" href=\"https:\/\/dovida.ch\/fr\/pro\/contactez-nous\/\">Contactez-nous<\/a><\/div>\n<\/div>\n<\/div><div class=\"mt-cover__image-container object-fit\"><img decoding=\"async\" class=\"\" src=\"https:\/\/dovida.ch\/wp-content\/uploads\/sites\/7\/2025\/02\/dovida-home-care-services-walking-together-elderly-care-scaled.jpg\" alt=\"&quot;&quot;\" style=\"object-position:center\"\/><\/div><\/div><\/section>\n\n\n\n<section class=\"mtSpacing-top-medium wp-block-morningmodules-text-media mt-text-media mt-text-media--align-media-right mt-text-media--align-media-mobile-bottom\"><div class=\"mt-text-media__inner\"><div class=\"mt-text-media__media-container\"><img decoding=\"async\" class=\"\" src=\"https:\/\/dovida.ch\/wp-content\/uploads\/sites\/7\/2025\/02\/dovida-home-help-services-putting-on-slippers-elderly-scaled.jpg\" alt=\"&quot;&quot;\" style=\"object-position:center\"\/><\/div><div class=\"mt-text-media__text-container\"><p class=\"mt-tagline mt-text-media__tagline mt-tagline\">Restez inform\u00e9 gr\u00e2ce \u00e0 la newsletter<\/p><h2 class=\"mt-title mt-text-media__title mt-title\">Recevez les derni\u00e8res actualit\u00e9s<\/h2>\n<div class=\"wp-block-buttons is-layout-flex wp-block-buttons-is-layout-flex\"><\/div>\n\n\n\n<p>Vous souhaitez recevoir r\u00e9guli\u00e8rement des actualit\u00e9s sur l&rsquo;accompagnement et les soins ? Alors inscrivez-vous \u00e0 notre newsletter.<\/p>\n\n\n\n<div class=\"wp-block-buttons is-layout-flex wp-block-buttons-is-layout-flex\">\n<div class=\"wp-block-button\"><a class=\"wp-block-button__link wp-element-button\" href=\"https:\/\/postmansubs.com\/e294e6\/de\"><strong>S\u2019abonner \u00e0 la newsletter<\/strong><\/a><\/div>\n<\/div>\n<\/div><\/div><\/section>\n\n\n\n<section class=\"wp-block-morningmodules-text-media mt-text-media mt-text-media--align-media-left mt-text-media--align-media-mobile-bottom\"><div class=\"mt-text-media__inner\"><div class=\"mt-text-media__media-container\"><img decoding=\"async\" class=\"\" src=\"https:\/\/dovida.ch\/wp-content\/uploads\/sites\/7\/2025\/10\/Dovida_AI_Situation28_Social_connection_2560px_sRGB.webp\" alt=\"Dovida_AI_Situation28_Social_connection_2560px_sRGB\" style=\"object-position:center\"\/><\/div><div class=\"mt-text-media__text-container\"><h2 class=\"mt-title mt-text-media__title mt-title\"><strong>Location de personnel pour les institutions<\/strong><\/h2>\n<p>Vous subissez une p\u00e9nurie de personnel \u00e0 court terme, par exemple en raison de maladie ou de vacances? Nous mettons \u00e0 votre disposition, en toute simplicit\u00e9, notre personnel qualifi\u00e9, sur une base horaire. Que ce soit pour une courte ou longue dur\u00e9e, vous pouvez b\u00e9n\u00e9ficier \u00e0 tout moment de nos comp\u00e9tences en mati\u00e8re d\u2019accompagnement ou de soins de base. Adressez-vous \u00e0 votre conseiller ou conseill\u00e8re client\u00e8le Dovida.<\/p>\n\n\n\n<p>Avec notre offre de location de personnel, nous sommes les partenaires professionnels des prestataires d\u2019aide et de soins \u00e0 domicile, des h\u00f4pitaux ou des \u00e9tablissements m\u00e9dico-sociaux. Dovida est reconnue par le SECO et les caisses d\u2019assurance maladie.<\/p>\n\n\n\n<div class=\"wp-block-buttons is-layout-flex wp-block-buttons-is-layout-flex\">\n<div class=\"wp-block-button\"><a class=\"wp-block-button__link wp-element-button\" href=\"https:\/\/dovida.ch\/fr\/pro\/location-de-personnel-pour-les-institutions\/\">Pour en savoir plus sur la location de personnel<\/a><\/div>\n<\/div>\n<\/div><\/div><\/section>\n\n\n\n<section class=\"mtSpacing-top-large wp-block-morningmodules-text-media mt-text-media mt-text-media--align-media-right mt-text-media--align-media-mobile-bottom\"><div class=\"mt-text-media__inner\"><div class=\"mt-text-media__media-container\"><img decoding=\"async\" class=\"\" src=\"https:\/\/dovida.ch\/wp-content\/uploads\/sites\/7\/2025\/02\/dovida-elderly-home-care-portrait-client-scaled.jpg\" alt=\"\" style=\"object-position:center\"\/><\/div><div class=\"mt-text-media__text-container\"><p class=\"mt-tagline mt-text-media__tagline mt-tagline\">Conseils et informations<\/p><h2 class=\"mt-title mt-text-media__title mt-title\">Pour vous et votre client\u00e8le<\/h2>\n<p>Sur notre plate-forme de connaissances, vous trouverez des nouveaut\u00e9s, des conseils pratiques pour vous-m\u00eame mais aussi pour vos clients ou leurs proches.<\/p>\n\n\n\n<div class=\"wp-block-buttons is-layout-flex wp-block-buttons-is-layout-flex\">\n<div class=\"wp-block-button\"><a class=\"wp-block-button__link wp-element-button\" href=\"https:\/\/dovida.ch\/fr\/pro\/centre-de-ressources\/\">Explorer<\/a><\/div>\n<\/div>\n<\/div><\/div><\/section>\n\n\n\n<section class=\"mtSpacing-top-large wp-block-dovida-header-with-more mt-header-with-more top-bottom\"><div class=\"mt-header-with-more__inner page-container\"><h2 class=\"mt-title mt-header-with-more__title mt-title\">Nos services<\/h2><p>Nos services d&rsquo;accompagnement centr\u00e9s sur la personne permettent aux seniors de vivre chez eux de mani\u00e8re autonome. Vous trouverez ici nos services d&rsquo;accompagnement et de soins de base.<\/p>\n<div class=\"wp-block-buttons is-layout-flex wp-block-buttons-is-layout-flex\"><\/div>\n<\/div><\/section>\n\n\n\n<section class=\"mtSpacing-bottom-small wp-block-morningmodules-image-link-boxes mt-image-link-boxes is-style-bg-secondary\" data-count=\"3\"><div class=\"mt-image-link-boxes__wrapper\"><div class=\"mt-image-link-boxes__inner\"><div class=\"mt-image-link-boxes__text-container\"><\/div><div class=\"mt-image-link-boxes__boxes-wrapper\"><div class=\"swiper\"><div class=\"swiper-wrapper\">\n<div class=\"wp-block-morningmodules-image-link-box mt-image-link-box swiper-slide\"><a href=\"https:\/\/dovida.ch\/fr\/nos-services\/accompagnement-24-24\/\" rel=\"noopener\" target=\"_self\" class=\"mt-image-link-box__link\"><\/a><h3 class=\"mt-image-link-box__title\">Accompagnement 24\/24<\/h3><p class=\"mt-image-link-box__text\">L\u2019aide \u00e0 domicile 24\/24 vous offre l\u2019assistance dont vous avez besoin, 24 heures sur 24, chez vous.<\/p><div class=\"mt-image-link-box__button-wrapper\"><div class=\"mt-image-link-box__button\">En savoir plus<\/div><\/div><\/div>\n\n\n\n<div class=\"wp-block-morningmodules-image-link-box mt-image-link-box swiper-slide\"><a href=\"https:\/\/dovida.ch\/fr\/nos-services\/aide-a-domicile\/\" rel=\"noopener\" target=\"_self\" class=\"mt-image-link-box__link\"><\/a><h3 class=\"mt-image-link-box__title\">Aide \u00e0 domicile<\/h3><p class=\"mt-image-link-box__text\">Les services d\u2019aide \u00e0 domicile vous assistent dans vos t\u00e2ches quotidiennes.<\/p><div class=\"mt-image-link-box__button-wrapper\"><div class=\"mt-image-link-box__button\">En savoir plus<\/div><\/div><\/div>\n\n\n\n<div class=\"wp-block-morningmodules-image-link-box mt-image-link-box swiper-slide\"><a href=\"https:\/\/dovida.ch\/fr\/nos-services\/aide-specialisee-demence\/\" rel=\"noopener\" target=\"_self\" class=\"mt-image-link-box__link\"><\/a><h3 class=\"mt-image-link-box__title\">Aide sp\u00e9cialis\u00e9e d\u00e9mence<\/h3><p class=\"mt-image-link-box__text\">Aide sp\u00e9cialis\u00e9e d\u00e9mence pour personnes atteintes de d\u00e9mence et d\u2019Alzheimer.<\/p><div class=\"mt-image-link-box__button-wrapper\"><div class=\"mt-image-link-box__button\">En savoir plus<\/div><\/div><\/div>\n\n\n\n<div class=\"wp-block-morningmodules-image-link-box mt-image-link-box swiper-slide\"><a href=\"https:\/\/dovida.ch\/fr\/nos-services\/services-d-accompagnement\/\" rel=\"noopener\" target=\"_self\" class=\"mt-image-link-box__link\"><\/a><h3 class=\"mt-image-link-box__title\">Services d\u2019accompagnement<\/h3><p class=\"mt-image-link-box__text\">L\u2019accompagnement permet aux personnes \u00e2g\u00e9es de b\u00e9n\u00e9ficier d\u2019une v\u00e9ritable compagnie.<\/p><div class=\"mt-image-link-box__button-wrapper\"><div class=\"mt-image-link-box__button\">En savoir plus<\/div><\/div><\/div>\n\n\n\n<div class=\"wp-block-morningmodules-image-link-box mt-image-link-box swiper-slide\"><a href=\"https:\/\/dovida.ch\/fr\/nos-services\/aide-apres-hospitalisation\/\" rel=\"noopener\" target=\"_self\" class=\"mt-image-link-box__link\"><\/a><h3 class=\"mt-image-link-box__title\">Aide apr\u00e8s hospitalisation<\/h3><p class=\"mt-image-link-box__text\">Notre service d\u2019aide apr\u00e8s hospitalisation organise votre sortie, votre retour chez vous et l\u2019aide \u00e0 la r\u00e9\u00e9ducation.<\/p><div class=\"mt-image-link-box__button-wrapper\"><div class=\"mt-image-link-box__button\">En savoir plus<\/div><\/div><\/div>\n\n\n\n<div class=\"wp-block-morningmodules-image-link-box mt-image-link-box swiper-slide\"><a href=\"https:\/\/dovida.ch\/fr\/nos-services\/garde-de-nuit\/\" rel=\"noopener\" target=\"_self\" class=\"mt-image-link-box__link\"><\/a><h3 class=\"mt-image-link-box__title\">Garde de nuit<\/h3><p class=\"mt-image-link-box__text\">La garde de nuit \u00e0 domicile vous assiste pendant la nuit, et vous permet d\u2019avoir l\u2019esprit tranquille et de dormir sereinement.<\/p><div class=\"mt-image-link-box__button-wrapper\"><div class=\"mt-image-link-box__button\">En savoir plus<\/div><\/div><\/div>\n\n\n\n<div class=\"wp-block-morningmodules-image-link-box mt-image-link-box swiper-slide\"><a href=\"https:\/\/dovida.ch\/fr\/nos-services\/accompagnement-palliatif-a-domicile\/\" rel=\"noopener\" target=\"_self\" class=\"mt-image-link-box__link\"><\/a><h3 class=\"mt-image-link-box__title\">Accompagnement palliatif \u00e0 domicile<\/h3><p class=\"mt-image-link-box__text\">L\u2019accompagnement palliatif \u00e0 domicile de qualit\u00e9 offre un soutien qui place la personne au premier plan, pour vous et vos proches.<\/p><div class=\"mt-image-link-box__button-wrapper\"><div class=\"mt-image-link-box__button\">En savoir plus<\/div><\/div><\/div>\n\n\n\n<div class=\"wp-block-morningmodules-image-link-box mt-image-link-box swiper-slide\"><a href=\"https:\/\/dovida.ch\/fr\/nos-services\/soins-de-base\/\" rel=\"noopener\" target=\"_self\" class=\"mt-image-link-box__link\"><\/a><h3 class=\"mt-image-link-box__title\">Soins de base<\/h3><p class=\"mt-image-link-box__text\">Les services \u00e0 la personne vous assistent dans vos activit\u00e9s quotidiennes et vous aident \u00e0 pr\u00e9server votre ind\u00e9pendance \u00e0 domicile.<\/p><div class=\"mt-image-link-box__button-wrapper\"><div class=\"mt-image-link-box__button\">En savoir plus<\/div><\/div><\/div>\n\n\n\n<div class=\"wp-block-morningmodules-image-link-box mt-image-link-box swiper-slide\"><a href=\"https:\/\/dovida.ch\/fr\/nos-services\/soulagement-des-proches-aidants\/\" rel=\"noopener\" target=\"_self\" class=\"mt-image-link-box__link\"><\/a><h3 class=\"mt-image-link-box__title\">Soulagement des proches aidants<\/h3><p class=\"mt-image-link-box__text\">Aide temporaire pendant que vos proches font une pause bien m\u00e9rit\u00e9e pour se ressourcer.<\/p><div class=\"mt-image-link-box__button-wrapper\"><div class=\"mt-image-link-box__button\">En savoir plus<\/div><\/div><\/div>\n\n\n\n<div class=\"wp-block-morningmodules-image-link-box mt-image-link-box swiper-slide\"><\/div>\n<\/div><\/div><div class=\"mt-image-link-boxes__navigation swiper-bottom-container\"><div class=\"mt-image-link-boxes__swiper-progress swiper-progress\"><\/div><div class=\"mt-image-link-boxes__swiper-buttons swiper-buttons\"><div class=\"mt-image-link-boxes__swiper-button mt-image-link-boxes__swiper-button--prev swiper-button-prev\"><\/div><div class=\"mt-image-link-boxes__swiper-button mt-image-link-boxes__swiper-button--next swiper-button-next\"><\/div><\/div><\/div><\/div><\/div><\/div><\/section>\n\n\n\n<section class=\"mtSpacing-top-large wp-block-morningmodules-text-media mt-text-media mt-text-media--align-media-left mt-text-media--align-media-mobile-bottom\"><div class=\"mt-text-media__inner\"><div class=\"mt-text-media__media-container\"><img decoding=\"async\" class=\"\" src=\"https:\/\/dovida.ch\/wp-content\/uploads\/sites\/7\/2025\/02\/dovida-caregiver-helping-elderly-woman-with-scarf-scaled.jpg\" alt=\"&quot;&quot;\" style=\"object-position:center\"\/><\/div><div class=\"mt-text-media__text-container\"><h2 class=\"mt-title mt-text-media__title mt-title\">Pourquoi choisir Dovida?&nbsp;<\/h2>\n<p>D\u00e9couvrez comment notre approche centr\u00e9e sur la personne aide vos patients ou clients \u00e0 maintenir leur ind\u00e9pendance.<\/p>\n\n\n\n<div class=\"wp-block-buttons is-layout-flex wp-block-buttons-is-layout-flex\">\n<div class=\"wp-block-button\"><a class=\"wp-block-button__link wp-element-button\" href=\"https:\/\/dovida.ch\/fr\/a-propos-de-nous\/\">En savoir plus\u202f&nbsp;<\/a><\/div>\n<\/div>\n<\/div><\/div><\/section>\n\n\n\n<section class=\"mtSpacing-top-large mtSpacing-bottom-small wp-block-dovida-header-with-more mt-header-with-more top-bottom\"><div class=\"mt-header-with-more__inner page-container\"><h2 class=\"mt-title mt-header-with-more__title mt-title\">Actualit\u00e9s<\/h2><p>Obtenez les derni\u00e8res actualit\u00e9s et nouvelles \u00e0 propos des services d\u2019accompagnement \u00e0 domicile Dovida.<\/p>\n<div class=\"wp-block-buttons is-layout-flex wp-block-buttons-is-layout-flex\">\n<div class=\"wp-block-button is-style-underline\"><a class=\"wp-block-button__link wp-element-button\" href=\"https:\/\/dovida.ch\/fr\/pro\/nouvelles\/\">Lire nos derniers articles<\/a><\/div>\n<\/div>\n<\/div><\/section>\n\n\n<div data-react-component=\"NewsArchive\" data-react-props=\"{&quot;baseUrl&quot;:&quot;https:\\\/\\\/dovida.ch\\\/fr\\\/pro\\\/&quot;,&quot;noResultsText&quot;:&quot;Aucun r\\u00e9sultat trouv\\u00e9&quot;,&quot;initialFilters&quot;:[{&quot;term_id&quot;:37,&quot;name&quot;:&quot;Blog&quot;,&quot;slug&quot;:&quot;blog-fr&quot;,&quot;term_group&quot;:0,&quot;term_taxonomy_id&quot;:37,&quot;taxonomy&quot;:&quot;category&quot;,&quot;description&quot;:&quot;&quot;,&quot;parent&quot;:38,&quot;count&quot;:24,&quot;filter&quot;:&quot;raw&quot;,&quot;term_order&quot;:&quot;0&quot;,&quot;cat_ID&quot;:37,&quot;category_count&quot;:24,&quot;category_description&quot;:&quot;&quot;,&quot;cat_name&quot;:&quot;Blog&quot;,&quot;category_nicename&quot;:&quot;blog-fr&quot;,&quot;category_parent&quot;:38},{&quot;term_id&quot;:3,&quot;name&quot;:&quot;News&quot;,&quot;slug&quot;:&quot;news&quot;,&quot;term_group&quot;:0,&quot;term_taxonomy_id&quot;:3,&quot;taxonomy&quot;:&quot;category&quot;,&quot;description&quot;:&quot;&quot;,&quot;parent&quot;:38,&quot;count&quot;:43,&quot;filter&quot;:&quot;raw&quot;,&quot;term_order&quot;:&quot;0&quot;,&quot;cat_ID&quot;:3,&quot;category_count&quot;:43,&quot;category_description&quot;:&quot;&quot;,&quot;cat_name&quot;:&quot;News&quot;,&quot;category_nicename&quot;:&quot;news&quot;,&quot;category_parent&quot;:38}],&quot;parentCategory&quot;:&quot;pro-fr&quot;,&quot;title&quot;:&quot;News feed&quot;,&quot;text&quot;:&quot;Get the latest updates and news about Dovida\\u2019s in home care services.\\u00a0&quot;,&quot;blockType&quot;:&quot;latest&quot;,&quot;parentCategoryID&quot;:38,&quot;mtSpacing&quot;:{&quot;bottom&quot;:&quot;medium&quot;},&quot;titleTag&quot;:&quot;h1&quot;}\">\n    \n<\/div>\n\n\n\n\n<p><\/p>\n","protected":false},"featured_media":0,"parent":0,"template":"","class_list":["post-310","pro","type-pro","status-publish","hentry"],"acf":[],"yoast_head":"<!-- This site is optimized with the Yoast SEO plugin v26.9 - https:\/\/yoast.com\/product\/yoast-seo-wordpress\/ -->\n<title>Accompagnement \u00e0 domicile centr\u00e9 sur seniors handicap\u00e9s<\/title>\n<meta name=\"description\" content=\"Recommandez l\u2019accompagnement \u00e0 domicile centr\u00e9 sur la personne \u00e0 vos patient\/e\/s pour leur permettre de vivre leur vie de fa\u00e7on plus \u00e9panouie et ind\u00e9pendante avec Dovida.\" \/>\n<meta name=\"robots\" content=\"index, follow, max-snippet:-1, max-image-preview:large, max-video-preview:-1\" \/>\n<link rel=\"canonical\" href=\"https:\/\/dovida.ch\/fr\/pro\/\" \/>\n<meta property=\"og:locale\" content=\"fr_FR\" \/>\n<meta property=\"og:type\" content=\"article\" \/>\n<meta property=\"og:title\" content=\"Accompagnement \u00e0 domicile centr\u00e9 sur seniors handicap\u00e9s\" \/>\n<meta property=\"og:description\" content=\"Recommandez l\u2019accompagnement \u00e0 domicile centr\u00e9 sur la personne \u00e0 vos patient\/e\/s pour leur permettre de vivre leur vie de fa\u00e7on plus \u00e9panouie et ind\u00e9pendante avec Dovida.\" \/>\n<meta property=\"og:url\" content=\"https:\/\/dovida.ch\/fr\/pro\/\" \/>\n<meta property=\"og:site_name\" content=\"Dovida CH\" \/>\n<meta property=\"article:modified_time\" content=\"2025-10-27T16:05:55+00:00\" \/>\n<meta property=\"og:image\" content=\"https:\/\/dovida.ch\/wp-content\/uploads\/sites\/7\/2025\/02\/dovida-home-care-services-walking-together-elderly-care-scaled.jpg\" \/>\n<meta name=\"twitter:card\" content=\"summary_large_image\" \/>\n<meta name=\"twitter:label1\" content=\"Dur\u00e9e de lecture estim\u00e9e\" \/>\n\t<meta name=\"twitter:data1\" content=\"4 minutes\" \/>\n<script type=\"application\/ld+json\" class=\"yoast-schema-graph\">{\"@context\":\"https:\/\/schema.org\",\"@graph\":[{\"@type\":\"WebPage\",\"@id\":\"https:\/\/dovida.ch\/fr\/pro\/\",\"url\":\"https:\/\/dovida.ch\/fr\/pro\/\",\"name\":\"Accompagnement \u00e0 domicile centr\u00e9 sur seniors handicap\u00e9s\",\"isPartOf\":{\"@id\":\"https:\/\/dovida.ch\/fr\/#website\"},\"primaryImageOfPage\":{\"@id\":\"https:\/\/dovida.ch\/fr\/pro\/#primaryimage\"},\"image\":{\"@id\":\"https:\/\/dovida.ch\/fr\/pro\/#primaryimage\"},\"thumbnailUrl\":\"https:\/\/dovida.ch\/wp-content\/uploads\/sites\/7\/2025\/02\/dovida-home-care-services-walking-together-elderly-care-scaled.jpg\",\"datePublished\":\"2025-02-04T15:17:46+00:00\",\"dateModified\":\"2025-10-27T16:05:55+00:00\",\"description\":\"Recommandez l\u2019accompagnement \u00e0 domicile centr\u00e9 sur la personne \u00e0 vos patient\/e\/s pour leur permettre de vivre leur vie de fa\u00e7on plus \u00e9panouie et ind\u00e9pendante avec Dovida.\",\"breadcrumb\":{\"@id\":\"https:\/\/dovida.ch\/fr\/pro\/#breadcrumb\"},\"inLanguage\":\"fr-FR\",\"potentialAction\":[{\"@type\":\"ReadAction\",\"target\":[\"https:\/\/dovida.ch\/fr\/pro\/\"]}]},{\"@type\":\"ImageObject\",\"inLanguage\":\"fr-FR\",\"@id\":\"https:\/\/dovida.ch\/fr\/pro\/#primaryimage\",\"url\":\"https:\/\/dovida.ch\/wp-content\/uploads\/sites\/7\/2025\/02\/dovida-home-care-services-walking-together-elderly-care-scaled.jpg\",\"contentUrl\":\"https:\/\/dovida.ch\/wp-content\/uploads\/sites\/7\/2025\/02\/dovida-home-care-services-walking-together-elderly-care-scaled.jpg\"},{\"@type\":\"BreadcrumbList\",\"@id\":\"https:\/\/dovida.ch\/fr\/pro\/#breadcrumb\",\"itemListElement\":[{\"@type\":\"ListItem\",\"position\":1,\"name\":\"Home\",\"item\":\"https:\/\/dovida.ch\/fr\/\"},{\"@type\":\"ListItem\",\"position\":2,\"name\":\"Pro\",\"item\":\"https:\/\/dovida.ch\/fr\/pro\/\"},{\"@type\":\"ListItem\",\"position\":3,\"name\":\"Dovida PRO\"}]},{\"@type\":\"WebSite\",\"@id\":\"https:\/\/dovida.ch\/fr\/#website\",\"url\":\"https:\/\/dovida.ch\/fr\/\",\"name\":\"Dovida\",\"description\":\"\",\"publisher\":{\"@id\":\"https:\/\/dovida.ch\/fr\/#organization\"},\"potentialAction\":[{\"@type\":\"SearchAction\",\"target\":{\"@type\":\"EntryPoint\",\"urlTemplate\":\"https:\/\/dovida.ch\/fr\/?s={search_term_string}\"},\"query-input\":{\"@type\":\"PropertyValueSpecification\",\"valueRequired\":true,\"valueName\":\"search_term_string\"}}],\"inLanguage\":\"fr-FR\"},{\"@type\":\"Organization\",\"@id\":\"https:\/\/dovida.ch\/fr\/#organization\",\"name\":\"Dovida\",\"url\":\"https:\/\/dovida.ch\/fr\/\",\"logo\":{\"@type\":\"ImageObject\",\"inLanguage\":\"fr-FR\",\"@id\":\"https:\/\/dovida.ch\/fr\/#\/schema\/logo\/image\/\",\"url\":\"https:\/\/dovida.ch\/wp-content\/uploads\/sites\/7\/2025\/03\/organization-logo.jpg\",\"contentUrl\":\"https:\/\/dovida.ch\/wp-content\/uploads\/sites\/7\/2025\/03\/organization-logo.jpg\",\"width\":696,\"height\":696,\"caption\":\"Dovida\"},\"image\":{\"@id\":\"https:\/\/dovida.ch\/fr\/#\/schema\/logo\/image\/\"}}]}<\/script>\n<!-- \/ Yoast SEO plugin. -->","yoast_head_json":{"title":"Accompagnement \u00e0 domicile centr\u00e9 sur seniors handicap\u00e9s","description":"Recommandez l\u2019accompagnement \u00e0 domicile centr\u00e9 sur la personne \u00e0 vos patient\/e\/s pour leur permettre de vivre leur vie de fa\u00e7on plus \u00e9panouie et ind\u00e9pendante avec Dovida.","robots":{"index":"index","follow":"follow","max-snippet":"max-snippet:-1","max-image-preview":"max-image-preview:large","max-video-preview":"max-video-preview:-1"},"canonical":"https:\/\/dovida.ch\/fr\/pro\/","og_locale":"fr_FR","og_type":"article","og_title":"Accompagnement \u00e0 domicile centr\u00e9 sur seniors handicap\u00e9s","og_description":"Recommandez l\u2019accompagnement \u00e0 domicile centr\u00e9 sur la personne \u00e0 vos patient\/e\/s pour leur permettre de vivre leur vie de fa\u00e7on plus \u00e9panouie et ind\u00e9pendante avec Dovida.","og_url":"https:\/\/dovida.ch\/fr\/pro\/","og_site_name":"Dovida CH","article_modified_time":"2025-10-27T16:05:55+00:00","og_image":[{"url":"https:\/\/dovida.ch\/wp-content\/uploads\/sites\/7\/2025\/02\/dovida-home-care-services-walking-together-elderly-care-scaled.jpg","type":"","width":"","height":""}],"twitter_card":"summary_large_image","twitter_misc":{"Dur\u00e9e de lecture estim\u00e9e":"4 minutes"},"schema":{"@context":"https:\/\/schema.org","@graph":[{"@type":"WebPage","@id":"https:\/\/dovida.ch\/fr\/pro\/","url":"https:\/\/dovida.ch\/fr\/pro\/","name":"Accompagnement \u00e0 domicile centr\u00e9 sur seniors handicap\u00e9s","isPartOf":{"@id":"https:\/\/dovida.ch\/fr\/#website"},"primaryImageOfPage":{"@id":"https:\/\/dovida.ch\/fr\/pro\/#primaryimage"},"image":{"@id":"https:\/\/dovida.ch\/fr\/pro\/#primaryimage"},"thumbnailUrl":"https:\/\/dovida.ch\/wp-content\/uploads\/sites\/7\/2025\/02\/dovida-home-care-services-walking-together-elderly-care-scaled.jpg","datePublished":"2025-02-04T15:17:46+00:00","dateModified":"2025-10-27T16:05:55+00:00","description":"Recommandez l\u2019accompagnement \u00e0 domicile centr\u00e9 sur la personne \u00e0 vos patient\/e\/s pour leur permettre de vivre leur vie de fa\u00e7on plus \u00e9panouie et ind\u00e9pendante avec Dovida.","breadcrumb":{"@id":"https:\/\/dovida.ch\/fr\/pro\/#breadcrumb"},"inLanguage":"fr-FR","potentialAction":[{"@type":"ReadAction","target":["https:\/\/dovida.ch\/fr\/pro\/"]}]},{"@type":"ImageObject","inLanguage":"fr-FR","@id":"https:\/\/dovida.ch\/fr\/pro\/#primaryimage","url":"https:\/\/dovida.ch\/wp-content\/uploads\/sites\/7\/2025\/02\/dovida-home-care-services-walking-together-elderly-care-scaled.jpg","contentUrl":"https:\/\/dovida.ch\/wp-content\/uploads\/sites\/7\/2025\/02\/dovida-home-care-services-walking-together-elderly-care-scaled.jpg"},{"@type":"BreadcrumbList","@id":"https:\/\/dovida.ch\/fr\/pro\/#breadcrumb","itemListElement":[{"@type":"ListItem","position":1,"name":"Home","item":"https:\/\/dovida.ch\/fr\/"},{"@type":"ListItem","position":2,"name":"Pro","item":"https:\/\/dovida.ch\/fr\/pro\/"},{"@type":"ListItem","position":3,"name":"Dovida PRO"}]},{"@type":"WebSite","@id":"https:\/\/dovida.ch\/fr\/#website","url":"https:\/\/dovida.ch\/fr\/","name":"Dovida","description":"","publisher":{"@id":"https:\/\/dovida.ch\/fr\/#organization"},"potentialAction":[{"@type":"SearchAction","target":{"@type":"EntryPoint","urlTemplate":"https:\/\/dovida.ch\/fr\/?s={search_term_string}"},"query-input":{"@type":"PropertyValueSpecification","valueRequired":true,"valueName":"search_term_string"}}],"inLanguage":"fr-FR"},{"@type":"Organization","@id":"https:\/\/dovida.ch\/fr\/#organization","name":"Dovida","url":"https:\/\/dovida.ch\/fr\/","logo":{"@type":"ImageObject","inLanguage":"fr-FR","@id":"https:\/\/dovida.ch\/fr\/#\/schema\/logo\/image\/","url":"https:\/\/dovida.ch\/wp-content\/uploads\/sites\/7\/2025\/03\/organization-logo.jpg","contentUrl":"https:\/\/dovida.ch\/wp-content\/uploads\/sites\/7\/2025\/03\/organization-logo.jpg","width":696,"height":696,"caption":"Dovida"},"image":{"@id":"https:\/\/dovida.ch\/fr\/#\/schema\/logo\/image\/"}}]}},"_links":{"self":[{"href":"https:\/\/dovida.ch\/fr\/wp-json\/wp\/v2\/pro\/310","targetHints":{"allow":["GET"]}}],"collection":[{"href":"https:\/\/dovida.ch\/fr\/wp-json\/wp\/v2\/pro"}],"about":[{"href":"https:\/\/dovida.ch\/fr\/wp-json\/wp\/v2\/types\/pro"}],"wp:attachment":[{"href":"https:\/\/dovida.ch\/fr\/wp-json\/wp\/v2\/media?parent=310"}],"curies":[{"name":"wp","href":"https:\/\/api.w.org\/{rel}","templated":true}]}}